{"id":928,"date":"2021-08-27T07:49:10","date_gmt":"2021-08-27T07:49:10","guid":{"rendered":"http:\/\/www.gustocadiz.com\/?page_id=928"},"modified":"2021-12-14T13:26:07","modified_gmt":"2021-12-14T11:26:07","slug":"la-almadraba","status":"publish","type":"page","link":"https:\/\/www.gustocadiz.com\/es\/alimentos\/atun-de-almadraba\/la-almadraba\/","title":{"rendered":"La Almadraba"},"content":{"rendered":"<div class=\"wp-bootstrap-blocks-container container mb-0\">\n\t\n<div class=\"wp-bootstrap-blocks-container container mb-2\">\n\t\n<div class=\"wp-bootstrap-blocks-row row\">\n\t\n\n<div class=\"col-12 col-sm-12 col-md-8 col-lg-8 col-xl-8 text-center offset-md-2 offset-lg-2 offset-xl-2\">\n\t\t\t\n\n<h1 class=\"wp-block-heading\">La Almadraba<\/h1>\n\n\n\n<p>Se trata de un sistema basado en una compleja estructura laber\u00edntica de redes, con dos partes esenciales: las raberas y el cuadro.<\/p>\n\n\t<\/div>\n\n<\/div>\n\n\n<div class=\"wp-bootstrap-blocks-row row\">\n\t\n\n<div class=\"col-12 col-sm-12 col-md-5 col-lg-5 col-xl-5\">\n\t\t\t\n\n<p>Las raberas son pa\u00f1os de red de larga longitud &#8211; bastantes cientos de metros &#8211; calados verticalmente hasta el fondo, as\u00ed dispuestos para atrapar y dirigir los atunes hasta el cuadro. Dicho cuadro consiste en una estructura rectangular compuesta por redes caladas hasta el fondo, dividido en varios compartimientos: c\u00e1mara, buche, bordonal y copo. Su funci\u00f3n es la de agrupar los atunes atrapados para su captura. El copo es el \u00fanico compartimento provisto de un fondo de red que es izada hasta la superficie para la extracci\u00f3n del pescado, en una operaci\u00f3n denominada \u201clevant\u00e1\u201d. Seg\u00fan se va estrechando el copo, el agua parece hervir debido a la alta concentraci\u00f3n de atunes. Es el momento \u00e1lgido de este arte de pesca, los almadraberos trabajan intensamente en equipo, profiriendo gritos de apoyo entre ellos, como ancestralmente se ha hecho.<\/p>\n\n\t<\/div>\n\n\n\n<div class=\"col-12 col-sm-12 col-md-6 col-lg-5 col-xl-5 offset-md-1 offset-lg-1 offset-xl-1\">\n\t\t\t\n\n<figure class=\"wp-block-image size-large img-fluid\"><img loading=\"lazy\" decoding=\"async\" width=\"1024\" height=\"995\" src=\"https:\/\/www.gustocadiz.com\/wp-content\/uploads\/2021\/12\/la-almadraba-barbate-1024x995.jpg\" alt=\"\" class=\"wp-image-2007\" srcset=\"https:\/\/www.gustocadiz.com\/wp-content\/uploads\/2021\/12\/la-almadraba-barbate-1024x995.jpg 1024w, https:\/\/www.gustocadiz.com\/wp-content\/uploads\/2021\/12\/la-almadraba-barbate-300x292.jpg 300w, https:\/\/www.gustocadiz.com\/wp-content\/uploads\/2021\/12\/la-almadraba-barbate-768x746.jpg 768w, https:\/\/www.gustocadiz.com\/wp-content\/uploads\/2021\/12\/la-almadraba-barbate.jpg 1200w\" sizes=\"auto, (max-width: 1024px) 100vw, 1024px\" \/><\/figure>\n\n\t<\/div>\n\n<\/div>\n\n<\/div>\n\n<\/div>\n\n\n<div class=\"wp-bootstrap-blocks-container container mb-0 wp-block-image size-large img-fluid\">\n\t\n<div class=\"wp-bootstrap-blocks-row row\">\n\t\n\n<div class=\"col-12 col-sm-12 col-md-10 col-lg-10 col-xl-10 text-center offset-md-1 offset-lg-1 offset-xl-1\">\n\t\t\t\n\n<h6 class=\"fichas verde wp-block-heading\">Las almadrabas siguen siendo como siempre fueron, un sistema de pesca basado en un conjunto de redes, cuerdas, dispositivos de anclaje y barcos, combinado con la destreza de los pescadores, la climatolog\u00eda y, c\u00f3mo no, un componente de suerte.<\/h6>\n\n\t<\/div>\n\n<\/div>\n\n\n<div class=\"wp-bootstrap-blocks-row row\">\n\t\n\n<div class=\"col-12 col-sm-12 col-md-6 col-lg-6 col-xl-6\">\n\t\t\t\n\n<figure class=\"wp-block-image size-full img-fluid\"><img loading=\"lazy\" decoding=\"async\" width=\"600\" height=\"405\" src=\"http:\/\/www.gustocadiz.com\/wp-content\/uploads\/2021\/12\/almadraba-img-2.jpg\" alt=\"\" class=\"wp-image-1801\" srcset=\"https:\/\/www.gustocadiz.com\/wp-content\/uploads\/2021\/12\/almadraba-img-2.jpg 600w, https:\/\/www.gustocadiz.com\/wp-content\/uploads\/2021\/12\/almadraba-img-2-300x203.jpg 300w\" sizes=\"auto, (max-width: 600px) 100vw, 600px\" \/><\/figure>\n\n\t<\/div>\n\n\n\n<div class=\"col-12 col-sm-12 col-md-6 col-lg-6 col-xl-6\">\n\t\t\t\n\n<p>Puede afirmarse que la almadraba es un arte de pesca sostenible. Por una parte, se utiliza \u00fanicamente en un periodo espec\u00edfico del a\u00f1o, sin que interfiera en los ciclos vitales de la especie. Por otra, se trata de un sistema selectivo: de todos los atunes que circulan por las aguas del Estrecho, s\u00f3lo unos pocos se desv\u00edan hacia la costa, donde se introducen en el sistema de redes de la almadraba que los atrapa. Adem\u00e1s, la almadraba es respetuosa con el medio ambiente, y es limpia.<\/p>\n\n\t<\/div>\n\n<\/div>\n\n\n<div class=\"wp-bootstrap-blocks-row row\">\n\t\n\n<div class=\"col-12 col-sm-12 col-md-4 col-lg-4 col-xl-4 text-center offset-md-4 offset-lg-4 offset-xl-4\">\n\t\t\t\n\n<a href=\"\/alimentos\/\" class=\"cta secondary\">Volver a Alimentos<\/a>\n\n\t<\/div>\n\n<\/div>\n\n<\/div>\n\n\n<div class=\"wp-bootstrap-blocks-container container mb-0\">\n\t\n<div class=\"wp-bootstrap-blocks-row row\">\n\t\n\n<div class=\"col-12 col-sm-12 col-md-12 col-lg-12 col-xl-12\">\n\t\t\t\n\n<div class=\"wp-block-group banner\"><div class=\"wp-block-group__inner-container is-layout-flow wp-block-group-is-layout-flow\">\n<figure class=\"wp-block-image size-large img-fluid\"><img loading=\"lazy\" decoding=\"async\" width=\"1024\" height=\"250\" src=\"https:\/\/www.gustocadiz.com\/wp-content\/uploads\/2021\/08\/empresas-fondo-1024x250.jpg\" alt=\"\" class=\"wp-image-2074\" srcset=\"https:\/\/www.gustocadiz.com\/wp-content\/uploads\/2021\/08\/empresas-fondo-1024x250.jpg 1024w, https:\/\/www.gustocadiz.com\/wp-content\/uploads\/2021\/08\/empresas-fondo-300x73.jpg 300w, https:\/\/www.gustocadiz.com\/wp-content\/uploads\/2021\/08\/empresas-fondo-768x187.jpg 768w, https:\/\/www.gustocadiz.com\/wp-content\/uploads\/2021\/08\/empresas-fondo.jpg 1230w\" sizes=\"auto, (max-width: 1024px) 100vw, 1024px\" \/><\/figure>\n\n\n\n<div class=\"wp-block-group texto\"><div class=\"wp-block-group__inner-container is-layout-flow wp-block-group-is-layout-flow\">\n<h2 class=\"wp-block-heading\">Empresas de nuestros territorios<\/h2>\n\n\n\n<a href=\"https:\/\/www.gustocadiz.com\/es\/empresas-gastronomicas\/\" class=\"cta white\">Empresas<\/a>\n<\/div><\/div>\n<\/div><\/div>\n\n\n\n<div class=\"wp-block-group banner\"><div class=\"wp-block-group__inner-container is-layout-flow wp-block-group-is-layout-flow\">\n<figure class=\"wp-block-image size-large img-fluid\"><img loading=\"lazy\" decoding=\"async\" width=\"1024\" height=\"250\" src=\"https:\/\/www.gustocadiz.com\/wp-content\/uploads\/2021\/08\/glosario-fondo-1024x250.jpg\" alt=\"\" class=\"wp-image-2076\" srcset=\"https:\/\/www.gustocadiz.com\/wp-content\/uploads\/2021\/08\/glosario-fondo-1024x250.jpg 1024w, https:\/\/www.gustocadiz.com\/wp-content\/uploads\/2021\/08\/glosario-fondo-300x73.jpg 300w, https:\/\/www.gustocadiz.com\/wp-content\/uploads\/2021\/08\/glosario-fondo-768x187.jpg 768w, https:\/\/www.gustocadiz.com\/wp-content\/uploads\/2021\/08\/glosario-fondo.jpg 1230w\" sizes=\"auto, (max-width: 1024px) 100vw, 1024px\" \/><\/figure>\n\n\n\n<div class=\"wp-block-group texto\"><div class=\"wp-block-group__inner-container is-layout-flow wp-block-group-is-layout-flow\">\n<h2 class=\"wp-block-heading\">Glosario Gastron\u00f3mico<\/h2>\n\n\n\n<a href=\"https:\/\/www.gustocadiz.com\/es\/glosario\/\" class=\"cta white\">Glosario Gastron\u00f3mico<\/a>\n<\/div><\/div>\n<\/div><\/div>\n\n\t<\/div>\n\n<\/div>\n\n<\/div>\n","protected":false},"excerpt":{"rendered":"","protected":false},"author":7,"featured_media":0,"parent":484,"menu_order":0,"comment_status":"closed","ping_status":"closed","template":"page-templates\/content-nivel-3.php","meta":{"inline_featured_image":false,"_monsterinsights_skip_tracking":false,"_monsterinsights_sitenote_active":false,"_monsterinsights_sitenote_note":"","_monsterinsights_sitenote_category":0,"footnotes":""},"class_list":["post-928","page","type-page","status-publish","hentry"],"yoast_head":"<!-- This site is optimized with the Yoast SEO plugin v19.9 - https:\/\/yoast.com\/wordpress\/plugins\/seo\/ -->\n<title>La Almadraba - Gusto C\u00e1diz<\/title>\n<meta name=\"robots\" content=\"index, follow, max-snippet:-1, max-image-preview:large, max-video-preview:-1\" \/>\n<link rel=\"canonical\" href=\"https:\/\/www.gustocadiz.com\/es\/alimentos\/atun-de-almadraba\/la-almadraba\/\" \/>\n<meta property=\"og:locale\" content=\"es_ES\" \/>\n<meta property=\"og:type\" content=\"article\" \/>\n<meta property=\"og:title\" content=\"La Almadraba - Gusto C\u00e1diz\" \/>\n<meta property=\"og:url\" content=\"https:\/\/www.gustocadiz.com\/es\/alimentos\/atun-de-almadraba\/la-almadraba\/\" \/>\n<meta property=\"og:site_name\" content=\"Gusto C\u00e1diz\" \/>\n<meta property=\"article:modified_time\" content=\"2021-12-14T11:26:07+00:00\" \/>\n<meta property=\"og:image\" content=\"https:\/\/www.gustocadiz.com\/wp-content\/uploads\/2021\/12\/la-almadraba-barbate-1024x995.jpg\" \/>\n<meta name=\"twitter:card\" content=\"summary_large_image\" \/>\n<meta name=\"twitter:label1\" content=\"Tiempo de lectura\" \/>\n\t<meta name=\"twitter:data1\" content=\"2 minutos\" \/>\n<script type=\"application\/ld+json\" class=\"yoast-schema-graph\">{\"@context\":\"https:\/\/schema.org\",\"@graph\":[{\"@type\":\"WebPage\",\"@id\":\"https:\/\/www.gustocadiz.com\/es\/alimentos\/atun-de-almadraba\/la-almadraba\/\",\"url\":\"https:\/\/www.gustocadiz.com\/es\/alimentos\/atun-de-almadraba\/la-almadraba\/\",\"name\":\"La Almadraba - Gusto C\u00e1diz\",\"isPartOf\":{\"@id\":\"https:\/\/www.gustocadiz.com\/#website\"},\"datePublished\":\"2021-08-27T07:49:10+00:00\",\"dateModified\":\"2021-12-14T11:26:07+00:00\",\"breadcrumb\":{\"@id\":\"https:\/\/www.gustocadiz.com\/es\/alimentos\/atun-de-almadraba\/la-almadraba\/#breadcrumb\"},\"inLanguage\":\"es\",\"potentialAction\":[{\"@type\":\"ReadAction\",\"target\":[\"https:\/\/www.gustocadiz.com\/es\/alimentos\/atun-de-almadraba\/la-almadraba\/\"]}]},{\"@type\":\"BreadcrumbList\",\"@id\":\"https:\/\/www.gustocadiz.com\/es\/alimentos\/atun-de-almadraba\/la-almadraba\/#breadcrumb\",\"itemListElement\":[{\"@type\":\"ListItem\",\"position\":1,\"name\":\"Home\",\"item\":\"https:\/\/www.gustocadiz.com\/es\/\"},{\"@type\":\"ListItem\",\"position\":2,\"name\":\"Alimentos\",\"item\":\"https:\/\/www.gustocadiz.com\/es\/alimentos\/\"},{\"@type\":\"ListItem\",\"position\":3,\"name\":\"At\u00fan de Almadraba\",\"item\":\"https:\/\/www.gustocadiz.com\/es\/alimentos\/atun-de-almadraba\/\"},{\"@type\":\"ListItem\",\"position\":4,\"name\":\"La Almadraba\"}]},{\"@type\":\"WebSite\",\"@id\":\"https:\/\/www.gustocadiz.com\/#website\",\"url\":\"https:\/\/www.gustocadiz.com\/\",\"name\":\"Gusto C\u00e1diz\",\"description\":\"Alimentos y vinos originales del Sur de Espa\u00f1a\",\"potentialAction\":[{\"@type\":\"SearchAction\",\"target\":{\"@type\":\"EntryPoint\",\"urlTemplate\":\"https:\/\/www.gustocadiz.com\/?s={search_term_string}\"},\"query-input\":\"required name=search_term_string\"}],\"inLanguage\":\"es\"}]}<\/script>\n<!-- \/ Yoast SEO plugin. -->","yoast_head_json":{"title":"La Almadraba - Gusto C\u00e1diz","robots":{"index":"index","follow":"follow","max-snippet":"max-snippet:-1","max-image-preview":"max-image-preview:large","max-video-preview":"max-video-preview:-1"},"canonical":"https:\/\/www.gustocadiz.com\/es\/alimentos\/atun-de-almadraba\/la-almadraba\/","og_locale":"es_ES","og_type":"article","og_title":"La Almadraba - Gusto C\u00e1diz","og_url":"https:\/\/www.gustocadiz.com\/es\/alimentos\/atun-de-almadraba\/la-almadraba\/","og_site_name":"Gusto C\u00e1diz","article_modified_time":"2021-12-14T11:26:07+00:00","og_image":[{"url":"https:\/\/www.gustocadiz.com\/wp-content\/uploads\/2021\/12\/la-almadraba-barbate-1024x995.jpg"}],"twitter_card":"summary_large_image","twitter_misc":{"Tiempo de lectura":"2 minutos"},"schema":{"@context":"https:\/\/schema.org","@graph":[{"@type":"WebPage","@id":"https:\/\/www.gustocadiz.com\/es\/alimentos\/atun-de-almadraba\/la-almadraba\/","url":"https:\/\/www.gustocadiz.com\/es\/alimentos\/atun-de-almadraba\/la-almadraba\/","name":"La Almadraba - Gusto C\u00e1diz","isPartOf":{"@id":"https:\/\/www.gustocadiz.com\/#website"},"datePublished":"2021-08-27T07:49:10+00:00","dateModified":"2021-12-14T11:26:07+00:00","breadcrumb":{"@id":"https:\/\/www.gustocadiz.com\/es\/alimentos\/atun-de-almadraba\/la-almadraba\/#breadcrumb"},"inLanguage":"es","potentialAction":[{"@type":"ReadAction","target":["https:\/\/www.gustocadiz.com\/es\/alimentos\/atun-de-almadraba\/la-almadraba\/"]}]},{"@type":"BreadcrumbList","@id":"https:\/\/www.gustocadiz.com\/es\/alimentos\/atun-de-almadraba\/la-almadraba\/#breadcrumb","itemListElement":[{"@type":"ListItem","position":1,"name":"Home","item":"https:\/\/www.gustocadiz.com\/es\/"},{"@type":"ListItem","position":2,"name":"Alimentos","item":"https:\/\/www.gustocadiz.com\/es\/alimentos\/"},{"@type":"ListItem","position":3,"name":"At\u00fan de Almadraba","item":"https:\/\/www.gustocadiz.com\/es\/alimentos\/atun-de-almadraba\/"},{"@type":"ListItem","position":4,"name":"La Almadraba"}]},{"@type":"WebSite","@id":"https:\/\/www.gustocadiz.com\/#website","url":"https:\/\/www.gustocadiz.com\/","name":"Gusto C\u00e1diz","description":"Alimentos y vinos originales del Sur de Espa\u00f1a","potentialAction":[{"@type":"SearchAction","target":{"@type":"EntryPoint","urlTemplate":"https:\/\/www.gustocadiz.com\/?s={search_term_string}"},"query-input":"required name=search_term_string"}],"inLanguage":"es"}]}},"_links":{"self":[{"href":"https:\/\/www.gustocadiz.com\/es\/wp-json\/wp\/v2\/pages\/928","targetHints":{"allow":["GET"]}}],"collection":[{"href":"https:\/\/www.gustocadiz.com\/es\/wp-json\/wp\/v2\/pages"}],"about":[{"href":"https:\/\/www.gustocadiz.com\/es\/wp-json\/wp\/v2\/types\/page"}],"author":[{"embeddable":true,"href":"https:\/\/www.gustocadiz.com\/es\/wp-json\/wp\/v2\/users\/7"}],"replies":[{"embeddable":true,"href":"https:\/\/www.gustocadiz.com\/es\/wp-json\/wp\/v2\/comments?post=928"}],"version-history":[{"count":5,"href":"https:\/\/www.gustocadiz.com\/es\/wp-json\/wp\/v2\/pages\/928\/revisions"}],"predecessor-version":[{"id":2008,"href":"https:\/\/www.gustocadiz.com\/es\/wp-json\/wp\/v2\/pages\/928\/revisions\/2008"}],"up":[{"embeddable":true,"href":"https:\/\/www.gustocadiz.com\/es\/wp-json\/wp\/v2\/pages\/484"}],"wp:attachment":[{"href":"https:\/\/www.gustocadiz.com\/es\/wp-json\/wp\/v2\/media?parent=928"}],"curies":[{"name":"wp","href":"https:\/\/api.w.org\/{rel}","templated":true}]}}