{"id":920,"date":"2021-08-27T07:40:41","date_gmt":"2021-08-27T07:40:41","guid":{"rendered":"http:\/\/www.gustocadiz.com\/?page_id=920"},"modified":"2021-12-02T16:40:33","modified_gmt":"2021-12-02T14:40:33","slug":"d-o-p-sierra-de-cadiz","status":"publish","type":"page","link":"https:\/\/www.gustocadiz.com\/es\/alimentos\/aceite-de-oliva\/d-o-p-sierra-de-cadiz\/","title":{"rendered":"D.O.P SIERRA DE C\u00c1DIZ"},"content":{"rendered":"<div class=\"wp-bootstrap-blocks-container container mb-0\">\n\t\n<div class=\"wp-bootstrap-blocks-container container mb-2\">\n\t\n<div class=\"wp-bootstrap-blocks-row row\">\n\t\n\n<div class=\"col-12 col-sm-12 col-md-8 col-lg-8 col-xl-8 text-center offset-md-2 offset-lg-2 offset-xl-2\">\n\t\t\t\n\n<h1 class=\"wp-block-heading\">DOP ACEITES<br>SIERRA DE C\u00c1DIZ<\/h1>\n\n\n\n<p>Si bien este olivar de la Sierra de C\u00e1diz produce solo un peque\u00f1o porcentaje de la producci\u00f3n espa\u00f1ola, sus aceites tienen marcada personalidad. La zona presenta especiales caracter\u00edsticas medioambientales.<\/p>\n\n\t<\/div>\n\n<\/div>\n\n\n<div class=\"wp-bootstrap-blocks-row row\">\n\t\n\n<div class=\"col-12 col-sm-12 col-md-5 col-lg-5 col-xl-5\">\n\t\t\t\n\n<ul class=\"wp-block-list\"><li>La altitud es mayor que en otros puntos de la provincia y, dada tambi\u00e9n la lejan\u00eda del mar, resulta una de las zonas m\u00e1s fr\u00edas.<\/li><li>Las lluvias son abundantes, con m\u00e1s de 600 mm por a\u00f1o.<\/li><li>Los suelos son pobres y admiten pocos cultivos, pero el olivar ha encajado tradicionalmente muy bien en estas tierras de secano y laderas monta\u00f1osas.<\/li><li>Se trata de zonas donde es dif\u00edcil desarrollar otro cultivo; terrenos marginales, en pendientes y en terrenos pedregosos.<\/li><li>Suelen ser fincas peque\u00f1as, en su mayor\u00eda de tipo tradicional, y dif\u00edciles de mecanizar, de olivares viejos, muchos con m\u00e1s de 50 a\u00f1os.<\/li><li>Es frecuente que los peque\u00f1os productores de la zona est\u00e9n agrupados en cooperativas.<\/li><\/ul>\n\n\t<\/div>\n\n\n\n<div class=\"col-12 col-sm-12 col-md-6 col-lg-5 col-xl-5 offset-md-1 offset-lg-1 offset-xl-1\">\n\t\t\t\n\n<figure class=\"wp-block-image size-full img-fluid\"><img loading=\"lazy\" decoding=\"async\" width=\"600\" height=\"581\" src=\"http:\/\/www.gustocadiz.com\/wp-content\/uploads\/2021\/12\/dop-img-1.jpg\" alt=\"\" class=\"wp-image-1785\" srcset=\"https:\/\/www.gustocadiz.com\/wp-content\/uploads\/2021\/12\/dop-img-1.jpg 600w, https:\/\/www.gustocadiz.com\/wp-content\/uploads\/2021\/12\/dop-img-1-300x291.jpg 300w\" sizes=\"auto, (max-width: 600px) 100vw, 600px\" \/><\/figure>\n\n\t<\/div>\n\n<\/div>\n\n<\/div>\n\n<\/div>\n\n\n<div class=\"wp-bootstrap-blocks-container container mb-0 wp-block-image size-large img-fluid\">\n\t\n<div class=\"wp-bootstrap-blocks-row row\">\n\t\n\n<div class=\"col-12 col-sm-12 col-md-10 col-lg-10 col-xl-10 text-center offset-md-1 offset-lg-1 offset-xl-1\">\n\t\t\t\n\n<h6 class=\"fichas verde wp-block-heading\">Precisamente el elemento tradicional y r\u00fastico del olivar es lo que imprime su car\u00e1cter y define el gusto de estos aceites gaditanos. En el \u00faltimo decenio ha crecido la producci\u00f3n oficialmente certificada como cultivo ecol\u00f3gico, si bien esta zona ha producido tradicionalmente con pr\u00e1cticas muy similares a las de la producci\u00f3n ecol\u00f3gica.<\/h6>\n\n\t<\/div>\n\n<\/div>\n\n\n<div class=\"wp-bootstrap-blocks-row row\">\n\t\n\n<div class=\"col-12 col-sm-12 col-md-6 col-lg-6 col-xl-6\">\n\t\t\t\n\n<figure class=\"wp-block-image size-full img-fluid\"><img loading=\"lazy\" decoding=\"async\" width=\"600\" height=\"404\" src=\"http:\/\/www.gustocadiz.com\/wp-content\/uploads\/2021\/12\/dop-img-2.jpg\" alt=\"\" class=\"wp-image-1783\" srcset=\"https:\/\/www.gustocadiz.com\/wp-content\/uploads\/2021\/12\/dop-img-2.jpg 600w, https:\/\/www.gustocadiz.com\/wp-content\/uploads\/2021\/12\/dop-img-2-300x202.jpg 300w\" sizes=\"auto, (max-width: 600px) 100vw, 600px\" \/><\/figure>\n\n\t<\/div>\n\n\n\n<div class=\"col-12 col-sm-12 col-md-6 col-lg-6 col-xl-6\">\n\t\t\t\n\n<p>La variedad Lech\u00edn, predominante en la zona, es fuerte y vigorosa, y se adapta muy bien a estos suelos muy calizos. Es productiva y de maduraci\u00f3n temprana. De bajo contenido en tocoferol, que compensa con alto contenido en polifenoles, esta variedad produce aceites muy estables.<br><br>Sus notas habituales de cata se\u00f1alan su aroma frutado medio a intenso de aceituna verde o madura, que recuerda en su gusto a frutas y aromas silvestres, con sabor ligeramente amargo y picante resultando en boca pleno de matices y muy equilibrado.<br>\u00a1Un regalo para el paladar!<\/p>\n\n\t<\/div>\n\n<\/div>\n\n\n<div class=\"wp-bootstrap-blocks-row row\">\n\t\n\n<div class=\"col-12 col-sm-12 col-md-4 col-lg-4 col-xl-4 text-center offset-md-4 offset-lg-4 offset-xl-4\">\n\t\t\t\n\n<a href=\"https:\/\/www.gustocadiz.com\/es\/alimentos\/\" class=\"cta secondary\">Volver a Alimentos<\/a>\n\n\t<\/div>\n\n<\/div>\n\n<\/div>\n\n\n<div class=\"wp-bootstrap-blocks-container container mb-0\">\n\t\n<div class=\"wp-bootstrap-blocks-row row\">\n\t\n\n<div class=\"col-12 col-sm-12 col-md-12 col-lg-12 col-xl-12\">\n\t\t\t\n\n<div class=\"wp-block-group banner\"><div class=\"wp-block-group__inner-container is-layout-flow wp-block-group-is-layout-flow\">\n<figure class=\"wp-block-image size-large img-fluid\"><img loading=\"lazy\" decoding=\"async\" width=\"1024\" height=\"250\" src=\"https:\/\/www.gustocadiz.com\/wp-content\/uploads\/2021\/08\/empresas-fondo-1024x250.jpg\" alt=\"\" class=\"wp-image-2074\" srcset=\"https:\/\/www.gustocadiz.com\/wp-content\/uploads\/2021\/08\/empresas-fondo-1024x250.jpg 1024w, https:\/\/www.gustocadiz.com\/wp-content\/uploads\/2021\/08\/empresas-fondo-300x73.jpg 300w, https:\/\/www.gustocadiz.com\/wp-content\/uploads\/2021\/08\/empresas-fondo-768x187.jpg 768w, https:\/\/www.gustocadiz.com\/wp-content\/uploads\/2021\/08\/empresas-fondo.jpg 1230w\" sizes=\"auto, (max-width: 1024px) 100vw, 1024px\" \/><\/figure>\n\n\n\n<div class=\"wp-block-group texto\"><div class=\"wp-block-group__inner-container is-layout-flow wp-block-group-is-layout-flow\">\n<h2 class=\"wp-block-heading\">Empresas de nuestros territorios<\/h2>\n\n\n\n<a href=\"https:\/\/www.gustocadiz.com\/es\/empresas-gastronomicas\/\" class=\"cta white\">Empresas<\/a>\n<\/div><\/div>\n<\/div><\/div>\n\n\n\n<div class=\"wp-block-group banner\"><div class=\"wp-block-group__inner-container is-layout-flow wp-block-group-is-layout-flow\">\n<figure class=\"wp-block-image size-large img-fluid\"><img loading=\"lazy\" decoding=\"async\" width=\"1024\" height=\"250\" src=\"https:\/\/www.gustocadiz.com\/wp-content\/uploads\/2021\/08\/glosario-fondo-1024x250.jpg\" alt=\"\" class=\"wp-image-2076\" srcset=\"https:\/\/www.gustocadiz.com\/wp-content\/uploads\/2021\/08\/glosario-fondo-1024x250.jpg 1024w, https:\/\/www.gustocadiz.com\/wp-content\/uploads\/2021\/08\/glosario-fondo-300x73.jpg 300w, https:\/\/www.gustocadiz.com\/wp-content\/uploads\/2021\/08\/glosario-fondo-768x187.jpg 768w, https:\/\/www.gustocadiz.com\/wp-content\/uploads\/2021\/08\/glosario-fondo.jpg 1230w\" sizes=\"auto, (max-width: 1024px) 100vw, 1024px\" \/><\/figure>\n\n\n\n<div class=\"wp-block-group texto\"><div class=\"wp-block-group__inner-container is-layout-flow wp-block-group-is-layout-flow\">\n<h2 class=\"wp-block-heading\">Glosario Gastron\u00f3mico<\/h2>\n\n\n\n<a href=\"https:\/\/www.gustocadiz.com\/es\/glosario\/\" class=\"cta white\">Glosario Gastron\u00f3mico<\/a>\n<\/div><\/div>\n<\/div><\/div>\n\n\t<\/div>\n\n<\/div>\n\n<\/div>\n","protected":false},"excerpt":{"rendered":"","protected":false},"author":7,"featured_media":0,"parent":426,"menu_order":0,"comment_status":"closed","ping_status":"closed","template":"page-templates\/content-nivel-3.php","meta":{"inline_featured_image":false,"_monsterinsights_skip_tracking":false,"_monsterinsights_sitenote_active":false,"_monsterinsights_sitenote_note":"","_monsterinsights_sitenote_category":0,"footnotes":""},"class_list":["post-920","page","type-page","status-publish","hentry"],"yoast_head":"<!-- This site is optimized with the Yoast SEO plugin v19.9 - https:\/\/yoast.com\/wordpress\/plugins\/seo\/ -->\n<title>D.O.P SIERRA DE C\u00c1DIZ - Gusto C\u00e1diz<\/title>\n<meta name=\"robots\" content=\"index, follow, max-snippet:-1, max-image-preview:large, max-video-preview:-1\" \/>\n<link rel=\"canonical\" href=\"https:\/\/www.gustocadiz.com\/es\/alimentos\/aceite-de-oliva\/d-o-p-sierra-de-cadiz\/\" \/>\n<meta property=\"og:locale\" content=\"es_ES\" \/>\n<meta property=\"og:type\" content=\"article\" \/>\n<meta property=\"og:title\" content=\"D.O.P SIERRA DE C\u00c1DIZ - Gusto C\u00e1diz\" \/>\n<meta property=\"og:url\" content=\"https:\/\/www.gustocadiz.com\/es\/alimentos\/aceite-de-oliva\/d-o-p-sierra-de-cadiz\/\" \/>\n<meta property=\"og:site_name\" content=\"Gusto C\u00e1diz\" \/>\n<meta property=\"article:modified_time\" content=\"2021-12-02T14:40:33+00:00\" \/>\n<meta property=\"og:image\" content=\"http:\/\/www.gustocadiz.com\/wp-content\/uploads\/2021\/12\/dop-img-1.jpg\" \/>\n<meta name=\"twitter:card\" content=\"summary_large_image\" \/>\n<meta name=\"twitter:label1\" content=\"Tiempo de lectura\" \/>\n\t<meta name=\"twitter:data1\" content=\"2 minutos\" \/>\n<script type=\"application\/ld+json\" class=\"yoast-schema-graph\">{\"@context\":\"https:\/\/schema.org\",\"@graph\":[{\"@type\":\"WebPage\",\"@id\":\"https:\/\/www.gustocadiz.com\/es\/alimentos\/aceite-de-oliva\/d-o-p-sierra-de-cadiz\/\",\"url\":\"https:\/\/www.gustocadiz.com\/es\/alimentos\/aceite-de-oliva\/d-o-p-sierra-de-cadiz\/\",\"name\":\"D.O.P SIERRA DE C\u00c1DIZ - Gusto C\u00e1diz\",\"isPartOf\":{\"@id\":\"https:\/\/www.gustocadiz.com\/#website\"},\"datePublished\":\"2021-08-27T07:40:41+00:00\",\"dateModified\":\"2021-12-02T14:40:33+00:00\",\"breadcrumb\":{\"@id\":\"https:\/\/www.gustocadiz.com\/es\/alimentos\/aceite-de-oliva\/d-o-p-sierra-de-cadiz\/#breadcrumb\"},\"inLanguage\":\"es\",\"potentialAction\":[{\"@type\":\"ReadAction\",\"target\":[\"https:\/\/www.gustocadiz.com\/es\/alimentos\/aceite-de-oliva\/d-o-p-sierra-de-cadiz\/\"]}]},{\"@type\":\"BreadcrumbList\",\"@id\":\"https:\/\/www.gustocadiz.com\/es\/alimentos\/aceite-de-oliva\/d-o-p-sierra-de-cadiz\/#breadcrumb\",\"itemListElement\":[{\"@type\":\"ListItem\",\"position\":1,\"name\":\"Home\",\"item\":\"https:\/\/www.gustocadiz.com\/es\/\"},{\"@type\":\"ListItem\",\"position\":2,\"name\":\"Alimentos\",\"item\":\"https:\/\/www.gustocadiz.com\/es\/alimentos\/\"},{\"@type\":\"ListItem\",\"position\":3,\"name\":\"Aceite de oliva\",\"item\":\"https:\/\/www.gustocadiz.com\/es\/alimentos\/aceite-de-oliva\/\"},{\"@type\":\"ListItem\",\"position\":4,\"name\":\"D.O.P SIERRA DE C\u00c1DIZ\"}]},{\"@type\":\"WebSite\",\"@id\":\"https:\/\/www.gustocadiz.com\/#website\",\"url\":\"https:\/\/www.gustocadiz.com\/\",\"name\":\"Gusto C\u00e1diz\",\"description\":\"Alimentos y vinos originales del Sur de Espa\u00f1a\",\"potentialAction\":[{\"@type\":\"SearchAction\",\"target\":{\"@type\":\"EntryPoint\",\"urlTemplate\":\"https:\/\/www.gustocadiz.com\/?s={search_term_string}\"},\"query-input\":\"required name=search_term_string\"}],\"inLanguage\":\"es\"}]}<\/script>\n<!-- \/ Yoast SEO plugin. -->","yoast_head_json":{"title":"D.O.P SIERRA DE C\u00c1DIZ - Gusto C\u00e1diz","robots":{"index":"index","follow":"follow","max-snippet":"max-snippet:-1","max-image-preview":"max-image-preview:large","max-video-preview":"max-video-preview:-1"},"canonical":"https:\/\/www.gustocadiz.com\/es\/alimentos\/aceite-de-oliva\/d-o-p-sierra-de-cadiz\/","og_locale":"es_ES","og_type":"article","og_title":"D.O.P SIERRA DE C\u00c1DIZ - Gusto C\u00e1diz","og_url":"https:\/\/www.gustocadiz.com\/es\/alimentos\/aceite-de-oliva\/d-o-p-sierra-de-cadiz\/","og_site_name":"Gusto C\u00e1diz","article_modified_time":"2021-12-02T14:40:33+00:00","og_image":[{"url":"http:\/\/www.gustocadiz.com\/wp-content\/uploads\/2021\/12\/dop-img-1.jpg"}],"twitter_card":"summary_large_image","twitter_misc":{"Tiempo de lectura":"2 minutos"},"schema":{"@context":"https:\/\/schema.org","@graph":[{"@type":"WebPage","@id":"https:\/\/www.gustocadiz.com\/es\/alimentos\/aceite-de-oliva\/d-o-p-sierra-de-cadiz\/","url":"https:\/\/www.gustocadiz.com\/es\/alimentos\/aceite-de-oliva\/d-o-p-sierra-de-cadiz\/","name":"D.O.P SIERRA DE C\u00c1DIZ - Gusto C\u00e1diz","isPartOf":{"@id":"https:\/\/www.gustocadiz.com\/#website"},"datePublished":"2021-08-27T07:40:41+00:00","dateModified":"2021-12-02T14:40:33+00:00","breadcrumb":{"@id":"https:\/\/www.gustocadiz.com\/es\/alimentos\/aceite-de-oliva\/d-o-p-sierra-de-cadiz\/#breadcrumb"},"inLanguage":"es","potentialAction":[{"@type":"ReadAction","target":["https:\/\/www.gustocadiz.com\/es\/alimentos\/aceite-de-oliva\/d-o-p-sierra-de-cadiz\/"]}]},{"@type":"BreadcrumbList","@id":"https:\/\/www.gustocadiz.com\/es\/alimentos\/aceite-de-oliva\/d-o-p-sierra-de-cadiz\/#breadcrumb","itemListElement":[{"@type":"ListItem","position":1,"name":"Home","item":"https:\/\/www.gustocadiz.com\/es\/"},{"@type":"ListItem","position":2,"name":"Alimentos","item":"https:\/\/www.gustocadiz.com\/es\/alimentos\/"},{"@type":"ListItem","position":3,"name":"Aceite de oliva","item":"https:\/\/www.gustocadiz.com\/es\/alimentos\/aceite-de-oliva\/"},{"@type":"ListItem","position":4,"name":"D.O.P SIERRA DE C\u00c1DIZ"}]},{"@type":"WebSite","@id":"https:\/\/www.gustocadiz.com\/#website","url":"https:\/\/www.gustocadiz.com\/","name":"Gusto C\u00e1diz","description":"Alimentos y vinos originales del Sur de Espa\u00f1a","potentialAction":[{"@type":"SearchAction","target":{"@type":"EntryPoint","urlTemplate":"https:\/\/www.gustocadiz.com\/?s={search_term_string}"},"query-input":"required name=search_term_string"}],"inLanguage":"es"}]}},"_links":{"self":[{"href":"https:\/\/www.gustocadiz.com\/es\/wp-json\/wp\/v2\/pages\/920","targetHints":{"allow":["GET"]}}],"collection":[{"href":"https:\/\/www.gustocadiz.com\/es\/wp-json\/wp\/v2\/pages"}],"about":[{"href":"https:\/\/www.gustocadiz.com\/es\/wp-json\/wp\/v2\/types\/page"}],"author":[{"embeddable":true,"href":"https:\/\/www.gustocadiz.com\/es\/wp-json\/wp\/v2\/users\/7"}],"replies":[{"embeddable":true,"href":"https:\/\/www.gustocadiz.com\/es\/wp-json\/wp\/v2\/comments?post=920"}],"version-history":[{"count":9,"href":"https:\/\/www.gustocadiz.com\/es\/wp-json\/wp\/v2\/pages\/920\/revisions"}],"predecessor-version":[{"id":1787,"href":"https:\/\/www.gustocadiz.com\/es\/wp-json\/wp\/v2\/pages\/920\/revisions\/1787"}],"up":[{"embeddable":true,"href":"https:\/\/www.gustocadiz.com\/es\/wp-json\/wp\/v2\/pages\/426"}],"wp:attachment":[{"href":"https:\/\/www.gustocadiz.com\/es\/wp-json\/wp\/v2\/media?parent=920"}],"curies":[{"name":"wp","href":"https:\/\/api.w.org\/{rel}","templated":true}]}}