{"id":573,"date":"2021-08-26T08:58:27","date_gmt":"2021-08-26T08:58:27","guid":{"rendered":"http:\/\/www.gustocadiz.com\/?page_id=573"},"modified":"2022-01-19T09:27:07","modified_gmt":"2022-01-19T07:27:07","slug":"quesos","status":"publish","type":"page","link":"https:\/\/www.gustocadiz.com\/es\/alimentos\/quesos\/","title":{"rendered":"Quesos"},"content":{"rendered":"<div class=\"wp-bootstrap-blocks-container container mb-0\">\n\t\n<div class=\"wp-bootstrap-blocks-container container mb-2\">\n\t\n<div class=\"wp-bootstrap-blocks-row row\">\n\t\n\n<div class=\"col-12 col-sm-12 col-md-8 col-lg-8 col-xl-8 text-center offset-md-2 offset-lg-2 offset-xl-2\">\n\t\t\t\n\n<h1 class=\"wp-block-heading\">Prestigio<br>Ganador<\/h1>\n\n\n\n<p>El sector quesero de C\u00e1diz ha experimentado un notable crecimiento en el \u00faltimo decenio. Ha aumentado el n\u00famero de queser\u00edas en paralelo a la obtenci\u00f3n de numerosos premios en cert\u00e1menes nacionales e internacionales, como el World Cheese Awards, donde los quesos gaditanos est\u00e1n recogiendo un impresionante repertorio de medallas. Premios que suponen un reconocimiento a los quesos de alt\u00edsima calidad que se est\u00e1n produciendo en la provincia. Quesos exquisitos, diferentes, llenos de aroma e intenso sabor. \u00a1Con gusto a queso aut\u00e9ntico, tan lejos del producto industrial!<\/p>\n\n\t<\/div>\n\n<\/div>\n\n\n<div class=\"wp-bootstrap-blocks-row row\">\n\t\n\n<div class=\"col-12 col-sm-12 col-md-4 col-lg-4 col-xl-4 offset-md-1 offset-lg-1 offset-xl-1\">\n\t\t\t\n\n<p>Las serran\u00edas de C\u00e1diz albergan una parte importante de la producci\u00f3n quesera de la provincia, basada fundamentalmente en la cabra y, en menor medida, en la oveja. El Parque Natural Sierra de Grazalema cuenta con la m\u00e1s elevada pluviometr\u00eda de Espa\u00f1a. Las monta\u00f1as act\u00faan de muralla contra los vientos cargados de humedad procedentes del Oc\u00e9ano Atl\u00e1ntico. Esto provoca intensas lluvias en la zona, lo que facilita el desarrollo de unos excelentes pastos invernales y de primavera. La Serran\u00eda gaditana se prolonga hacia el sur por el Parque de los Alcornocales, que llega hasta el mismo Estrecho de Gibraltar.<br><br>En todas estas zonas se encuentran formaciones vegetales de gran valor, como encinares, pinsapos, alcornocales, quejigares, acebuchales y bosques de ribera. Se trata de un territorio natural, con un bajo nivel de poblaci\u00f3n, donde se nutren las cabras y ovejas de la zona, en total libertad. La ganader\u00eda cuenta aqu\u00ed con una larga tradici\u00f3n, siendo uno de los pilares b\u00e1sicos de la econom\u00eda local.<\/p>\n\n\t<\/div>\n\n\n\n<div class=\"col-12 col-sm-12 col-md-5 col-lg-5 col-xl-5 offset-md-1 offset-lg-1 offset-xl-1\">\n\t\t\t\n\n<figure class=\"wp-block-image size-full img-fluid\"><img loading=\"lazy\" decoding=\"async\" width=\"495\" height=\"346\" src=\"http:\/\/www.gustocadiz.com\/wp-content\/uploads\/2021\/12\/queso-img-1.jpg\" alt=\"\" class=\"wp-image-1861\" srcset=\"https:\/\/www.gustocadiz.com\/wp-content\/uploads\/2021\/12\/queso-img-1.jpg 495w, https:\/\/www.gustocadiz.com\/wp-content\/uploads\/2021\/12\/queso-img-1-300x210.jpg 300w\" sizes=\"auto, (max-width: 495px) 100vw, 495px\" \/><\/figure>\n\n\t<\/div>\n\n<\/div>\n\n<\/div>\n\n<\/div>\n\n\n\n<div class=\"wp-block-group bg-amarillo_oscuro\"><div class=\"wp-block-group__inner-container is-layout-flow wp-block-group-is-layout-flow\"><div class=\"wp-bootstrap-blocks-container container mb-0\">\n\t\n<div class=\"wp-bootstrap-blocks-row row\">\n\t\n\n<div class=\"col-12 col-sm-12 col-md-8 col-lg-8 col-xl-8 text-center offset-md-2 offset-lg-2 offset-xl-2\">\n\t\t\t\n\n<p class=\"white\">Las zonas de producci\u00f3n se han visto ampliadas tambi\u00e9n con el florecimiento de queser\u00edas en otras zonas de campi\u00f1a, que no son las tradicionales de la sierra.<br><br>Han sido los pastores y su entorno social los que han mantenido vivo el queso artesano en C\u00e1diz. Hoy en d\u00eda la elaboraci\u00f3n de quesos se lleva a cabo en modernas queser\u00edas que elaboran con unos est\u00e1ndares de calidad y de higiene fitosanitaria muy elevados.<\/p>\n\n\t<\/div>\n\n<\/div>\n\n<\/div>\n<\/div><\/div>\n\n\n<div class=\"wp-bootstrap-blocks-container container mb-0\">\n\t\n<div class=\"wp-bootstrap-blocks-row row\">\n\t\n\n<div class=\"col-12 col-sm-12 col-md-6 col-lg-6 col-xl-6\">\n\t\t\t\n\n<figure class=\"wp-block-image size-full img-fluid\"><img loading=\"lazy\" decoding=\"async\" width=\"495\" height=\"328\" src=\"https:\/\/www.gustocadiz.com\/wp-content\/uploads\/2022\/01\/3252px-Cabra_Raza_Payoya.jpg\" alt=\"\" class=\"wp-image-2064\" srcset=\"https:\/\/www.gustocadiz.com\/wp-content\/uploads\/2022\/01\/3252px-Cabra_Raza_Payoya.jpg 495w, https:\/\/www.gustocadiz.com\/wp-content\/uploads\/2022\/01\/3252px-Cabra_Raza_Payoya-300x199.jpg 300w\" sizes=\"auto, (max-width: 495px) 100vw, 495px\" \/><figcaption>By Olga Gonz\u00e1lez Casquet &#8211; Own work, CC BY-SA 4.0<br>https:\/\/commons.wikimedia.org\/w\/index.php?curid=75233420<\/figcaption><\/figure>\n\n\t<\/div>\n\n\n\n<div class=\"col-12 col-sm-12 col-md-6 col-lg-6 col-xl-6\">\n\t\t\t\n\n<p>Dos especies aut\u00f3ctonas destacan en la producci\u00f3n quesera de C\u00e1diz: la cabra Payoya y la oveja Merina de Grazalema. La primera es una raza reconocida como aut\u00f3ctona. La Payoya, tambi\u00e9n conocida como Montejaque\u00f1a, es un animal muy alto y largo, lo que le permite el aprovechamiento de pastos en zonas de dif\u00edcil acceso en la sierra. Criada en extensivo o semi-extensivo, es decir en libertad, no estabulada, se adapta perfectamente a su ecosistema y ayuda al desarrollo sostenible del territorio. Con su leche se elaboraran unos quesos exquisitos, plenos de matices vegetales.<br><br>La oveja Merina de Grazalema proviene del cruce entre el tronco Merino y el Churro. Es una oveja de gran rusticidad, muy adaptada a zonas de altitud media-alta y de intensa pluviometr\u00eda. Criada en extensivo, su aprovechamiento es tanto lechero como c\u00e1rnico. Su leche cuenta con un elevado aporte de grasa y un alto porcentaje de prote\u00edna, lo que proporciona quesos de excelente calidad y delicioso gusto.<br><br>Pero no s\u00f3lo de la payoya procede la exquisita oferta de quesos de cabra de C\u00e1diz. Distintas razas como la Florida o la Murciano-granadina, prov\u00e9n de la materia prima para otros quesos deliciosos que se elaboran en la provincia.<\/p>\n\n\t<\/div>\n\n<\/div>\n\n\n<div class=\"wp-bootstrap-blocks-row row\">\n\t\n\n<div class=\"col-12 col-sm-12 col-md-10 col-lg-10 col-xl-10 text-center offset-md-1 offset-lg-1 offset-xl-1\">\n\t\t\t\n\n<h6 class=\"fichas verde wp-block-heading\">De la leche de estas razas aut\u00f3ctonas, sola o mezclada entre s\u00ed, se obtienen unos quesos con personalidad propia, diferentes, gustosamente reconocibles.<\/h6>\n\n\n\n<h6 class=\"fichas verde wp-block-heading\">Unos y otros se presentan al consumidor con distintas terminaciones: cubiertos de manteca de cerdo ib\u00e9rico, de manteca y salvado de trigo (denominados \u201cemborraos\u201d, una preparaci\u00f3n tradicional de esta sierra), de piment\u00f3n, de pimienta, de romero, de aceite de oliva virgen\u2026 \u00a1Quesos para todos los gustos!<\/h6>\n\n\n\n<p><\/p>\n\n\t<\/div>\n\n<\/div>\n\n<\/div>\n\n\n<div class=\"wp-bootstrap-blocks-container container mb-0\">\n\t\n<div class=\"wp-bootstrap-blocks-row row\">\n\t\n\n<div class=\"col-12 col-sm-12 col-md-12 col-lg-12 col-xl-12\">\n\t\t\t\n\n<div class=\"wp-block-group banner\"><div class=\"wp-block-group__inner-container is-layout-flow wp-block-group-is-layout-flow\">\n<figure class=\"wp-block-image size-large img-fluid\"><img loading=\"lazy\" decoding=\"async\" width=\"1024\" height=\"250\" src=\"https:\/\/www.gustocadiz.com\/wp-content\/uploads\/2021\/08\/empresas-fondo-1024x250.jpg\" alt=\"\" class=\"wp-image-2074\" srcset=\"https:\/\/www.gustocadiz.com\/wp-content\/uploads\/2021\/08\/empresas-fondo-1024x250.jpg 1024w, https:\/\/www.gustocadiz.com\/wp-content\/uploads\/2021\/08\/empresas-fondo-300x73.jpg 300w, https:\/\/www.gustocadiz.com\/wp-content\/uploads\/2021\/08\/empresas-fondo-768x187.jpg 768w, https:\/\/www.gustocadiz.com\/wp-content\/uploads\/2021\/08\/empresas-fondo.jpg 1230w\" sizes=\"auto, (max-width: 1024px) 100vw, 1024px\" \/><\/figure>\n\n\n\n<div class=\"wp-block-group texto\"><div class=\"wp-block-group__inner-container is-layout-flow wp-block-group-is-layout-flow\">\n<h2 class=\"wp-block-heading\">Empresas de nuestros territorios<\/h2>\n\n\n\n<a href=\"https:\/\/www.gustocadiz.com\/es\/empresas-gastronomicas\/\" class=\"cta white\">Empresas<\/a>\n<\/div><\/div>\n<\/div><\/div>\n\n\n\n<div class=\"wp-block-group banner\"><div class=\"wp-block-group__inner-container is-layout-flow wp-block-group-is-layout-flow\">\n<figure class=\"wp-block-image size-large img-fluid\"><img loading=\"lazy\" decoding=\"async\" width=\"1024\" height=\"250\" src=\"https:\/\/www.gustocadiz.com\/wp-content\/uploads\/2021\/08\/glosario-fondo-1024x250.jpg\" alt=\"\" class=\"wp-image-2076\" srcset=\"https:\/\/www.gustocadiz.com\/wp-content\/uploads\/2021\/08\/glosario-fondo-1024x250.jpg 1024w, https:\/\/www.gustocadiz.com\/wp-content\/uploads\/2021\/08\/glosario-fondo-300x73.jpg 300w, https:\/\/www.gustocadiz.com\/wp-content\/uploads\/2021\/08\/glosario-fondo-768x187.jpg 768w, https:\/\/www.gustocadiz.com\/wp-content\/uploads\/2021\/08\/glosario-fondo.jpg 1230w\" sizes=\"auto, (max-width: 1024px) 100vw, 1024px\" \/><\/figure>\n\n\n\n<div class=\"wp-block-group texto\"><div class=\"wp-block-group__inner-container is-layout-flow wp-block-group-is-layout-flow\">\n<h2 class=\"wp-block-heading\">Glosario Gastron\u00f3mico<\/h2>\n\n\n\n<a href=\"https:\/\/www.gustocadiz.com\/es\/glosario\/\" class=\"cta white\">Glosario Gastron\u00f3mico<\/a>\n<\/div><\/div>\n<\/div><\/div>\n\n\t<\/div>\n\n<\/div>\n\n<\/div>\n","protected":false},"excerpt":{"rendered":"","protected":false},"author":7,"featured_media":0,"parent":11,"menu_order":0,"comment_status":"closed","ping_status":"closed","template":"page-templates\/content-nivel-2.php","meta":{"inline_featured_image":false,"_monsterinsights_skip_tracking":false,"_monsterinsights_sitenote_active":false,"_monsterinsights_sitenote_note":"","_monsterinsights_sitenote_category":0,"footnotes":""},"class_list":["post-573","page","type-page","status-publish","hentry"],"yoast_head":"<!-- This site is optimized with the Yoast SEO plugin v19.9 - https:\/\/yoast.com\/wordpress\/plugins\/seo\/ -->\n<title>Quesos - Gusto C\u00e1diz<\/title>\n<meta name=\"robots\" content=\"index, follow, max-snippet:-1, max-image-preview:large, max-video-preview:-1\" \/>\n<link rel=\"canonical\" href=\"https:\/\/www.gustocadiz.com\/es\/alimentos\/quesos\/\" \/>\n<meta property=\"og:locale\" content=\"es_ES\" \/>\n<meta property=\"og:type\" content=\"article\" \/>\n<meta property=\"og:title\" content=\"Quesos - Gusto C\u00e1diz\" \/>\n<meta property=\"og:url\" content=\"https:\/\/www.gustocadiz.com\/es\/alimentos\/quesos\/\" \/>\n<meta property=\"og:site_name\" content=\"Gusto C\u00e1diz\" \/>\n<meta property=\"article:modified_time\" content=\"2022-01-19T07:27:07+00:00\" \/>\n<meta property=\"og:image\" content=\"http:\/\/www.gustocadiz.com\/wp-content\/uploads\/2021\/12\/queso-img-1.jpg\" \/>\n<meta name=\"twitter:card\" content=\"summary_large_image\" \/>\n<meta name=\"twitter:label1\" content=\"Tiempo de lectura\" \/>\n\t<meta name=\"twitter:data1\" content=\"4 minutos\" \/>\n<script type=\"application\/ld+json\" class=\"yoast-schema-graph\">{\"@context\":\"https:\/\/schema.org\",\"@graph\":[{\"@type\":\"WebPage\",\"@id\":\"https:\/\/www.gustocadiz.com\/es\/alimentos\/quesos\/\",\"url\":\"https:\/\/www.gustocadiz.com\/es\/alimentos\/quesos\/\",\"name\":\"Quesos - Gusto C\u00e1diz\",\"isPartOf\":{\"@id\":\"https:\/\/www.gustocadiz.com\/#website\"},\"datePublished\":\"2021-08-26T08:58:27+00:00\",\"dateModified\":\"2022-01-19T07:27:07+00:00\",\"breadcrumb\":{\"@id\":\"https:\/\/www.gustocadiz.com\/es\/alimentos\/quesos\/#breadcrumb\"},\"inLanguage\":\"es\",\"potentialAction\":[{\"@type\":\"ReadAction\",\"target\":[\"https:\/\/www.gustocadiz.com\/es\/alimentos\/quesos\/\"]}]},{\"@type\":\"BreadcrumbList\",\"@id\":\"https:\/\/www.gustocadiz.com\/es\/alimentos\/quesos\/#breadcrumb\",\"itemListElement\":[{\"@type\":\"ListItem\",\"position\":1,\"name\":\"Home\",\"item\":\"https:\/\/www.gustocadiz.com\/es\/\"},{\"@type\":\"ListItem\",\"position\":2,\"name\":\"Alimentos\",\"item\":\"https:\/\/www.gustocadiz.com\/es\/alimentos\/\"},{\"@type\":\"ListItem\",\"position\":3,\"name\":\"Quesos\"}]},{\"@type\":\"WebSite\",\"@id\":\"https:\/\/www.gustocadiz.com\/#website\",\"url\":\"https:\/\/www.gustocadiz.com\/\",\"name\":\"Gusto C\u00e1diz\",\"description\":\"Alimentos y vinos originales del Sur de Espa\u00f1a\",\"potentialAction\":[{\"@type\":\"SearchAction\",\"target\":{\"@type\":\"EntryPoint\",\"urlTemplate\":\"https:\/\/www.gustocadiz.com\/?s={search_term_string}\"},\"query-input\":\"required name=search_term_string\"}],\"inLanguage\":\"es\"}]}<\/script>\n<!-- \/ Yoast SEO plugin. -->","yoast_head_json":{"title":"Quesos - Gusto C\u00e1diz","robots":{"index":"index","follow":"follow","max-snippet":"max-snippet:-1","max-image-preview":"max-image-preview:large","max-video-preview":"max-video-preview:-1"},"canonical":"https:\/\/www.gustocadiz.com\/es\/alimentos\/quesos\/","og_locale":"es_ES","og_type":"article","og_title":"Quesos - Gusto C\u00e1diz","og_url":"https:\/\/www.gustocadiz.com\/es\/alimentos\/quesos\/","og_site_name":"Gusto C\u00e1diz","article_modified_time":"2022-01-19T07:27:07+00:00","og_image":[{"url":"http:\/\/www.gustocadiz.com\/wp-content\/uploads\/2021\/12\/queso-img-1.jpg"}],"twitter_card":"summary_large_image","twitter_misc":{"Tiempo de lectura":"4 minutos"},"schema":{"@context":"https:\/\/schema.org","@graph":[{"@type":"WebPage","@id":"https:\/\/www.gustocadiz.com\/es\/alimentos\/quesos\/","url":"https:\/\/www.gustocadiz.com\/es\/alimentos\/quesos\/","name":"Quesos - Gusto C\u00e1diz","isPartOf":{"@id":"https:\/\/www.gustocadiz.com\/#website"},"datePublished":"2021-08-26T08:58:27+00:00","dateModified":"2022-01-19T07:27:07+00:00","breadcrumb":{"@id":"https:\/\/www.gustocadiz.com\/es\/alimentos\/quesos\/#breadcrumb"},"inLanguage":"es","potentialAction":[{"@type":"ReadAction","target":["https:\/\/www.gustocadiz.com\/es\/alimentos\/quesos\/"]}]},{"@type":"BreadcrumbList","@id":"https:\/\/www.gustocadiz.com\/es\/alimentos\/quesos\/#breadcrumb","itemListElement":[{"@type":"ListItem","position":1,"name":"Home","item":"https:\/\/www.gustocadiz.com\/es\/"},{"@type":"ListItem","position":2,"name":"Alimentos","item":"https:\/\/www.gustocadiz.com\/es\/alimentos\/"},{"@type":"ListItem","position":3,"name":"Quesos"}]},{"@type":"WebSite","@id":"https:\/\/www.gustocadiz.com\/#website","url":"https:\/\/www.gustocadiz.com\/","name":"Gusto C\u00e1diz","description":"Alimentos y vinos originales del Sur de Espa\u00f1a","potentialAction":[{"@type":"SearchAction","target":{"@type":"EntryPoint","urlTemplate":"https:\/\/www.gustocadiz.com\/?s={search_term_string}"},"query-input":"required name=search_term_string"}],"inLanguage":"es"}]}},"_links":{"self":[{"href":"https:\/\/www.gustocadiz.com\/es\/wp-json\/wp\/v2\/pages\/573","targetHints":{"allow":["GET"]}}],"collection":[{"href":"https:\/\/www.gustocadiz.com\/es\/wp-json\/wp\/v2\/pages"}],"about":[{"href":"https:\/\/www.gustocadiz.com\/es\/wp-json\/wp\/v2\/types\/page"}],"author":[{"embeddable":true,"href":"https:\/\/www.gustocadiz.com\/es\/wp-json\/wp\/v2\/users\/7"}],"replies":[{"embeddable":true,"href":"https:\/\/www.gustocadiz.com\/es\/wp-json\/wp\/v2\/comments?post=573"}],"version-history":[{"count":4,"href":"https:\/\/www.gustocadiz.com\/es\/wp-json\/wp\/v2\/pages\/573\/revisions"}],"predecessor-version":[{"id":2069,"href":"https:\/\/www.gustocadiz.com\/es\/wp-json\/wp\/v2\/pages\/573\/revisions\/2069"}],"up":[{"embeddable":true,"href":"https:\/\/www.gustocadiz.com\/es\/wp-json\/wp\/v2\/pages\/11"}],"wp:attachment":[{"href":"https:\/\/www.gustocadiz.com\/es\/wp-json\/wp\/v2\/media?parent=573"}],"curies":[{"name":"wp","href":"https:\/\/api.w.org\/{rel}","templated":true}]}}